{"id":5954,"date":"2026-04-01T14:31:37","date_gmt":"2026-04-01T14:31:37","guid":{"rendered":"https:\/\/jmolegal.com\/jmo-homepage\/"},"modified":"2026-04-27T09:07:46","modified_gmt":"2026-04-27T09:07:46","slug":"jmo-homepage","status":"publish","type":"page","link":"https:\/\/jmolegal.com\/pt-pt\/","title":{"rendered":"JMO &#8211; Homepage"},"content":{"rendered":"<div class=\"wpb-content-wrapper\">[mk_page_section bg_image=&#8221;https:\/\/jmolegal.com\/wp-content\/uploads\/2026\/04\/paul-kim-0zpl7q2xips-unsplash-scaled.jpg&#8221; bg_image_portrait=&#8221;https:\/\/jmolegal.com\/wp-content\/uploads\/2026\/04\/paul-kim-0zpl7q2xips-unsplash-scaled.jpg&#8221; bg_color=&#8221;#0a0a0a&#8221; bg_position=&#8221;center center&#8221; bg_repeat=&#8221;no-repeat&#8221; bg_stretch=&#8221;true&#8221; enable_3d=&#8221;true&#8221; speed_factor=&#8221;0&#8243; video_color_mask=&#8221;rgba(10,10,10,0.2)&#8221; video_opacity=&#8221;1&#8243; padding_top=&#8221;200&#8243; padding_bottom=&#8221;100&#8243; sidebar=&#8221;sidebar-1&#8243; first_page=&#8221;false&#8221; last_page=&#8221;false&#8221;][vc_column][mk_fancy_title tag_name=&#8221;h1&#8243; color=&#8221;#ffffff&#8221; size=&#8221;64&#8243; force_font_size=&#8221;true&#8221; size_smallscreen=&#8221;64&#8243; size_tablet=&#8221;40&#8243; size_phone=&#8221;40&#8243; line_height=&#8221;90&#8243; font_weight=&#8221;100&#8243; font_style=&#8221;normal&#8221; txt_transform=&#8221;uppercase&#8221; letter_spacing=&#8221;1&#8243; margin_bottom=&#8221;0&#8243; font_family=&#8221;none&#8221; visibility=&#8221;hidden-sm&#8221; el_class=&#8221;h_type&#8221;]Assessoria Fiscal e Jur\u00eddica[\/mk_fancy_title][mk_fancy_title tag_name=&#8221;h1&#8243; color=&#8221;#ffffff&#8221; size=&#8221;40&#8243; line_height=&#8221;90&#8243; font_weight=&#8221;100&#8243; font_style=&#8221;normal&#8221; txt_transform=&#8221;uppercase&#8221; letter_spacing=&#8221;1&#8243; margin_top=&#8221;0&#8243; margin_bottom=&#8221;0&#8243; font_family=&#8221;none&#8221; visibility=&#8221;visible-sm&#8221; el_class=&#8221;h_type4&#8243;]Assessoria Fiscal e Jur\u00eddica[\/mk_fancy_title][mk_fancy_title tag_name=&#8221;h1&#8243; color=&#8221;#ffffff&#8221; size=&#8221;64&#8243; font_weight=&#8221;300&#8243; font_style=&#8221;normal&#8221; letter_spacing=&#8221;1&#8243; margin_bottom=&#8221;0&#8243; font_family=&#8221;none&#8221; visibility=&#8221;hidden-sm&#8221; el_class=&#8221;h_type2&#8243;]Pr\u00e1tica jur\u00eddica especializada na presta\u00e7\u00e3o de assessoria fiscal e jur\u00eddica a clientes privados.[\/mk_fancy_title][mk_fancy_title tag_name=&#8221;h1&#8243; color=&#8221;#ffffff&#8221; size=&#8221;20&#8243; font_weight=&#8221;300&#8243; font_style=&#8221;normal&#8221; letter_spacing=&#8221;1&#8243; margin_bottom=&#8221;0&#8243; font_family=&#8221;none&#8221; visibility=&#8221;visible-sm&#8221;]Pr\u00e1tica jur\u00eddica especializada na presta\u00e7\u00e3o de assessoria fiscal e jur\u00eddica a clientes privados.[\/mk_fancy_title][\/vc_column][\/mk_page_section][mk_page_section bg_color=&#8221;#edebe8&#8243; speed_factor=&#8221;0&#8243; video_opacity=&#8221;0&#8243; padding_top=&#8221;100&#8243; padding_bottom=&#8221;0&#8243; section_id=&#8221;About&#8221; sidebar=&#8221;sidebar-1&#8243;][vc_column][mk_fancy_title tag_name=&#8221;h1&#8243; color=&#8221;#9b9b9b&#8221; size=&#8221;13&#8243; font_weight=&#8221;bolder&#8221; font_style=&#8221;normal&#8221; txt_transform=&#8221;uppercase&#8221; letter_spacing=&#8221;5&#8243; font_family=&#8221;none&#8221;]SOBRE[\/mk_fancy_title][mk_fancy_title tag_name=&#8221;h1&#8243; color=&#8221;#000000&#8243; size=&#8221;64&#8243; font_weight=&#8221;300&#8243; font_style=&#8221;normal&#8221; letter_spacing=&#8221;1&#8243; margin_bottom=&#8221;0&#8243; font_family=&#8221;none&#8221; visibility=&#8221;hidden-sm&#8221; el_class=&#8221;h_type2&#8243;]<strong>A JMO | Tax &amp; Legal \u00e9 uma pr\u00e1tica jur\u00eddica especializada em direito fiscal,<\/strong> e dedicada a prestar assessoria fiscal e jur\u00eddica, essencialmente a clientes privados \u2014 <em>indiv\u00edduos, grupos familiares, empres\u00e1rios e family offices<\/em> \u2014 em mat\u00e9rias nacionais e internacionais com liga\u00e7\u00e3o a Portugal.[\/mk_fancy_title][mk_fancy_title tag_name=&#8221;h1&#8243; color=&#8221;#000000&#8243; size=&#8221;30&#8243; font_weight=&#8221;300&#8243; font_style=&#8221;normal&#8221; letter_spacing=&#8221;1&#8243; margin_bottom=&#8221;0&#8243; font_family=&#8221;none&#8221; visibility=&#8221;visible-sm&#8221;]<strong>A JMO | Tax &amp; Legal \u00e9 uma pr\u00e1tica jur\u00eddica especializada em direito fiscal,<\/strong> e dedicada a prestar assessoria fiscal e jur\u00eddica, essencialmente a clientes privados \u2014 <em>indiv\u00edduos, grupos familiares, empres\u00e1rios e family offices<\/em> \u2014 em mat\u00e9rias nacionais e internacionais com liga\u00e7\u00e3o a Portugal.[\/mk_fancy_title][\/vc_column][\/mk_page_section][mk_page_section bg_color=&#8221;#edebe8&#8243; speed_factor=&#8221;0&#8243; video_opacity=&#8221;0&#8243; padding_top=&#8221;40&#8243; padding_bottom=&#8221;100&#8243; sidebar=&#8221;sidebar-1&#8243;][vc_column width=&#8221;1\/2&#8243;][vc_column_text css=&#8221;.vc_custom_1776249539531{margin-bottom: 0px !important;}&#8221;]<strong>O direito fiscal \u00e9 a \u00e1rea de pr\u00e1tica central.<\/strong> Combinamos especializa\u00e7\u00e3o t\u00e9cnica com uma <strong>abordagem personalizada<\/strong> para aconselhar clientes privados e grupos familiares \u2014 <em>diretamente ou atrav\u00e9s de family offices, private banking e institui\u00e7\u00f5es de gest\u00e3o de patrim\u00f3nio <\/em>\u2014 em todas as mat\u00e9rias relacionadas com <strong>planeamento fiscal, cumprimento de obriga\u00e7\u00f5es fiscais, gest\u00e3o patrimonial e prote\u00e7\u00e3o e preserva\u00e7\u00e3o do patrim\u00f3nio familiar.<\/strong> Prestamos igualmente apoio a clientes individuais em <strong>processos de mudan\u00e7a de resid\u00eancia para Portugal<\/strong>, atrav\u00e9s de uma an\u00e1lise abrangente das implica\u00e7\u00f5es fiscais e jur\u00eddicas dessa transi\u00e7\u00e3o, bem como no enquadramento fiscal aplic\u00e1vel aos seus investimentos internacionais.[\/vc_column_text][\/vc_column][vc_column width=&#8221;1\/2&#8243;][vc_column_text css=&#8221;.vc_custom_1776169339321{margin-bottom: 0px !important;}&#8221;]<strong>JMO | Tax &amp; Legal<\/strong> foi fundada por uma advogada com v\u00e1rios anos de experi\u00eancia numa das maiores e mais prestigiadas sociedades de advogados em Portugal, amplamente reconhecida como refer\u00eancia na \u00e1rea de private clients. Este percurso est\u00e1 na base dos elevados padr\u00f5es t\u00e9cnicos que adotamos, bem como da abordagem pr\u00f3xima e orientada para a rela\u00e7\u00e3o com o cliente que procuramos assegurar em cada mandato. Cada cliente trabalha diretamente com uma advogada s\u00e9nior, que assume a responsabilidade integral pelo acompanhamento do assunto do in\u00edcio ao fim, garantindo continuidade, conhecimento aprofundado e uma orienta\u00e7\u00e3o informada e personalizada, ajustada \u00e0 complexidade destas mat\u00e9rias. O nosso compromisso \u00e9 atuar como um trusted advisor de longo prazo \u2014 atento, discreto e sempre dispon\u00edvel.[\/vc_column_text][\/vc_column][\/mk_page_section][mk_page_section bg_image=&#8221;https:\/\/jmolegal.com\/wp-content\/uploads\/2026\/04\/istock-489933688_web-scaled.jpg&#8221; bg_position=&#8221;center center&#8221; bg_stretch=&#8221;true&#8221; enable_3d=&#8221;true&#8221; speed_factor=&#8221;0&#8243; video_color_mask=&#8221;rgba(0,0,0,0.2)&#8221; video_opacity=&#8221;1&#8243; min_height=&#8221;600&#8243; js_vertical_centered=&#8221;true&#8221; padding_top=&#8221;100&#8243; padding_bottom=&#8221;100&#8243; sidebar=&#8221;sidebar-1&#8243;][vc_column][mk_fancy_title tag_name=&#8221;h1&#8243; color=&#8221;#ffffff&#8221; size=&#8221;70&#8243; line_height=&#8221;90&#8243; font_weight=&#8221;100&#8243; font_style=&#8221;italic&#8221; txt_transform=&#8221;uppercase&#8221; letter_spacing=&#8221;1&#8243; margin_bottom=&#8221;0&#8243; font_family=&#8221;none&#8221; align=&#8221;right&#8221; visibility=&#8221;hidden-sm&#8221; el_class=&#8221;h_type&#8221;]&#8221;O nosso compromisso \u00e9 atuar como um trusted advisor de longo prazo \u2014 atento, discreto e sempre dispon\u00edvel.&#8221;[\/mk_fancy_title][mk_fancy_title tag_name=&#8221;h1&#8243; color=&#8221;#ffffff&#8221; size=&#8221;40&#8243; line_height=&#8221;90&#8243; font_weight=&#8221;100&#8243; font_style=&#8221;italic&#8221; txt_transform=&#8221;uppercase&#8221; letter_spacing=&#8221;1&#8243; margin_bottom=&#8221;0&#8243; font_family=&#8221;none&#8221; visibility=&#8221;visible-sm&#8221;]&#8221;O nosso compromisso \u00e9 atuar como um trusted advisor de longo prazo \u2014 atento, discreto e sempre dispon\u00edvel.&#8221;[\/mk_fancy_title][mk_fancy_title tag_name=&#8221;h1&#8243; color=&#8221;#ffffff&#8221; size=&#8221;16&#8243; font_weight=&#8221;bolder&#8221; font_style=&#8221;normal&#8221; margin_top=&#8221;20&#8243; font_family=&#8221;none&#8221; align=&#8221;right&#8221;]Joana Monteiro de Oliveira[\/mk_fancy_title][\/vc_column][\/mk_page_section][mk_page_section speed_factor=&#8221;0&#8243; video_opacity=&#8221;0&#8243; padding_top=&#8221;100&#8243; padding_bottom=&#8221;0&#8243; section_id=&#8221;services&#8221; sidebar=&#8221;sidebar-1&#8243;][vc_column width=&#8221;2\/3&#8243;][mk_fancy_title tag_name=&#8221;h1&#8243; color=&#8221;#9b9b9b&#8221; size=&#8221;13&#8243; font_weight=&#8221;bolder&#8221; font_style=&#8221;normal&#8221; txt_transform=&#8221;uppercase&#8221; letter_spacing=&#8221;5&#8243; font_family=&#8221;none&#8221;]Servi\u00e7os[\/mk_fancy_title][mk_fancy_title tag_name=&#8221;h1&#8243; color=&#8221;#000000&#8243; size=&#8221;64&#8243; font_weight=&#8221;300&#8243; font_style=&#8221;normal&#8221; letter_spacing=&#8221;1&#8243; margin_bottom=&#8221;0&#8243; font_family=&#8221;none&#8221; visibility=&#8221;hidden-sm&#8221; el_class=&#8221;h_type2&#8243;]Consultoria Fiscal[\/mk_fancy_title][mk_fancy_title tag_name=&#8221;h1&#8243; color=&#8221;#000000&#8243; size=&#8221;30&#8243; font_weight=&#8221;300&#8243; font_style=&#8221;normal&#8221; letter_spacing=&#8221;1&#8243; margin_bottom=&#8221;0&#8243; font_family=&#8221;none&#8221; visibility=&#8221;visible-sm&#8221;]Consultoria Fiscal[\/mk_fancy_title][vc_column_text css=&#8221;.vc_custom_1776250498228{margin-bottom: 0px !important;}&#8221;]A JMO | Tax &amp; Legal presta aconselhamento fiscal personalizado a clientes em todos os aspetos da sua posi\u00e7\u00e3o fiscal em Portugal, quer em <strong>contextos puramente nacionais<\/strong>, quer em <strong>cen\u00e1rios internacionais mais complexos<\/strong>.<br \/>\nOs nosso servi\u00e7os incluem:[\/vc_column_text][\/vc_column][vc_column width=&#8221;1\/3&#8243;][\/vc_column][\/mk_page_section][mk_page_section speed_factor=&#8221;0&#8243; video_opacity=&#8221;0&#8243; padding_top=&#8221;30&#8243; padding_bottom=&#8221;20&#8243; sidebar=&#8221;sidebar-1&#8243;][vc_column width=&#8221;1\/3&#8243;][mk_custom_list style=&#8221;mk-icon-caret-right&#8221;]\n<ul>\n<li><strong>An\u00e1lise fiscal pr\u00e9via \u00e0 mudan\u00e7a de resid\u00eancia e avalia\u00e7\u00e3o da resid\u00eancia fiscal <\/strong>\u2014 aconselhamento a indiv\u00edduos e fam\u00edlias sobre as implica\u00e7\u00f5es fiscais da sua mudan\u00e7a para Portugal, bem como estrutura\u00e7\u00e3o fiscalmente eficiente dos seus ativos e investimentos antes e ap\u00f3s essa mudan\u00e7a.<\/li>\n<\/ul>\n[\/mk_custom_list][mk_custom_list style=&#8221;mk-icon-caret-right&#8221;]\n<ul>\n<li><strong>Estrutura\u00e7\u00e3o e an\u00e1lise de rendimentos, investimentos e estruturas internacionais<\/strong>, incluindo a revis\u00e3o e reorganiza\u00e7\u00e3o fiscalmente eficiente de carteiras de investimento.<\/li>\n<\/ul>\n[\/mk_custom_list][\/vc_column][vc_column width=&#8221;1\/3&#8243;][mk_custom_list style=&#8221;mk-icon-caret-right&#8221;]\n<ul>\n<li><strong>Aconselhamento sobre o tratamento fiscal em Portugal de rendimentos e ativos provenientes de estruturas fiduci\u00e1rias (trusts) <\/strong>\u2014 apoio a fam\u00edlias portuguesas e internacionais, quer na qualidade de settlors quer na de benefici\u00e1rios, sobre a sua situa\u00e7\u00e3o fiscal em Portugal, e assist\u00eancia na dissolu\u00e7\u00e3o e liquida\u00e7\u00e3o de trusts.<\/li>\n<\/ul>\n[\/mk_custom_list][mk_custom_list style=&#8221;mk-icon-caret-right&#8221;]\n<ul>\n<li><strong>Aconselhamento na gest\u00e3o, prote\u00e7\u00e3o e preserva\u00e7\u00e3o do patrim\u00f3nio privado<\/strong>, incluindo a transmiss\u00e3o eficiente de patrim\u00f3nio familiar entre gera\u00e7\u00f5es.<\/li>\n<\/ul>\n[\/mk_custom_list][\/vc_column][vc_column width=&#8221;1\/3&#8243;][mk_custom_list style=&#8221;mk-icon-caret-right&#8221;]\n<ul>\n<li><strong>Avalia\u00e7\u00e3o da elegibilidade para regimes fiscais preferenciais em Portugal,<\/strong> como o Regime de Incentivo Fiscal \u00e0 Investiga\u00e7\u00e3o Cient\u00edfica e Inova\u00e7\u00e3o (IFICI) \u2014 <em>frequentemente designado por \u201cNHR 2.0\u201d<\/em> \u2014 incluindo o acompanhamento de todos os procedimentos necess\u00e1rios \u00e0 obten\u00e7\u00e3o e manuten\u00e7\u00e3o desse estatuto.<\/li>\n<\/ul>\n[\/mk_custom_list][\/vc_column][\/mk_page_section][mk_page_section bg_color=&#8221;#ffffff&#8221; speed_factor=&#8221;0&#8243; bg_gradient=&#8221;horizontal&#8221; video_color_mask=&#8221;rgba(237,235,232,0.4)&#8221; gr_end=&#8221;#ffffff&#8221; video_opacity=&#8221;1&#8243; padding_top=&#8221;40&#8243; padding_bottom=&#8221;0&#8243; section_id=&#8221;services&#8221; sidebar=&#8221;sidebar-1&#8243;][vc_column width=&#8221;2\/3&#8243;][mk_fancy_title tag_name=&#8221;h1&#8243; color=&#8221;#000000&#8243; size=&#8221;64&#8243; font_weight=&#8221;300&#8243; font_style=&#8221;normal&#8221; letter_spacing=&#8221;1&#8243; margin_bottom=&#8221;0&#8243; font_family=&#8221;none&#8221; visibility=&#8221;hidden-sm&#8221; el_class=&#8221;h_type2&#8243;]Compliance Fiscal[\/mk_fancy_title][mk_fancy_title tag_name=&#8221;h1&#8243; color=&#8221;#000000&#8243; size=&#8221;30&#8243; font_weight=&#8221;300&#8243; font_style=&#8221;normal&#8221; letter_spacing=&#8221;1&#8243; margin_bottom=&#8221;0&#8243; font_family=&#8221;none&#8221; visibility=&#8221;visible-sm&#8221;]Compliance Fiscal[\/mk_fancy_title][vc_column_text css=&#8221;.vc_custom_1776250454262{margin-bottom: 0px !important;}&#8221;]<strong>A JMO | Tax &amp; Legal <\/strong>apoia os clientes no cumprimento de todas as obriga\u00e7\u00f5es fiscais e declarativas em Portugal, assegurando um processo rigoroso, atempado e eficiente.<\/p>\n<p>Os nossos servi\u00e7os incluem:[\/vc_column_text][\/vc_column][vc_column width=&#8221;1\/3&#8243;][\/vc_column][\/mk_page_section][mk_page_section bg_color=&#8221;#ffffff&#8221; speed_factor=&#8221;0&#8243; bg_gradient=&#8221;horizontal&#8221; video_color_mask=&#8221;rgba(237,235,232,0.4)&#8221; gr_end=&#8221;#ffffff&#8221; video_opacity=&#8221;1&#8243; padding_top=&#8221;30&#8243; padding_bottom=&#8221;20&#8243; sidebar=&#8221;sidebar-1&#8243;][vc_column width=&#8221;1\/3&#8243;][mk_custom_list style=&#8221;mk-icon-caret-right&#8221;]\n<ul>\n<li><strong>Prepara\u00e7\u00e3o e revis\u00e3o<\/strong> de declara\u00e7\u00f5es de IRS (Imposto sobre o rendimento das pessoas singulares).<\/li>\n<\/ul>\n[\/mk_custom_list][mk_custom_list style=&#8221;mk-icon-caret-right&#8221;]\n<ul>\n<li><strong>Acompanhamento fiscal de indiv\u00edduos abrangidos por regimes fiscais especiais,<\/strong> incluindo o regime dos Residentes N\u00e3o Habituais (NHR), o IFICI (\u201cNHR 2.0\u201d) e o Programa Regressar.<\/li>\n<\/ul>\n[\/mk_custom_list][\/vc_column][vc_column width=&#8221;1\/3&#8243;][mk_custom_list style=&#8221;mk-icon-caret-right&#8221;]\n<ul>\n<li><strong>Aconselhamento e gest\u00e3o de obriga\u00e7\u00f5es fiscais <\/strong>relacionadas com Imposto do Selo (IS), Imposto Municipal sobre as Transmiss\u00f5es Onerosas de Im\u00f3veis (IMT) e Imposto Municipal sobre Im\u00f3veis (IMI), quer no contexto de opera\u00e7\u00f5es imobili\u00e1rias e transmiss\u00f5es patrimoniais, quer no \u00e2mbito da gest\u00e3o corrente de patrim\u00f3nio imobili\u00e1rio, incluindo monitoriza\u00e7\u00e3o de prazos de pagamento.<\/li>\n<\/ul>\n[\/mk_custom_list][\/vc_column][vc_column width=&#8221;1\/3&#8243;][mk_custom_list style=&#8221;mk-icon-caret-right&#8221;]\n<ul>\n<li><strong>Apoio cont\u00ednuo em mat\u00e9ria de cumprimento fiscal<\/strong> a indiv\u00edduos e fam\u00edlias com estruturas patrimoniais e fluxos de rendimento internacionais complexos, com uma abordagem pr\u00f3xima e personalizada.<\/li>\n<\/ul>\n[\/mk_custom_list][\/vc_column][\/mk_page_section][mk_page_section speed_factor=&#8221;0&#8243; video_opacity=&#8221;0&#8243; padding_top=&#8221;40&#8243; padding_bottom=&#8221;0&#8243; section_id=&#8221;services&#8221; sidebar=&#8221;sidebar-1&#8243;][vc_column width=&#8221;2\/3&#8243;][mk_fancy_title tag_name=&#8221;h1&#8243; color=&#8221;#000000&#8243; size=&#8221;64&#8243; font_weight=&#8221;300&#8243; font_style=&#8221;normal&#8221; letter_spacing=&#8221;1&#8243; margin_bottom=&#8221;0&#8243; font_family=&#8221;none&#8221; visibility=&#8221;hidden-sm&#8221; el_class=&#8221;h_type2&#8243;]Contencioso e Lit\u00edgio Fiscal[\/mk_fancy_title][mk_fancy_title tag_name=&#8221;h1&#8243; color=&#8221;#000000&#8243; size=&#8221;30&#8243; font_weight=&#8221;300&#8243; font_style=&#8221;normal&#8221; letter_spacing=&#8221;1&#8243; margin_bottom=&#8221;0&#8243; font_family=&#8221;none&#8221; visibility=&#8221;visible-sm&#8221;]Contencioso e Lit\u00edgio Fiscal[\/mk_fancy_title][vc_column_text css=&#8221;.vc_custom_1776250465266{margin-bottom: 0px !important;}&#8221;]<strong>A JMO | Tax &amp; Legal <\/strong>representa e acompanha os clientes em todas as fases da sua rela\u00e7\u00e3o com a Autoridade Tribut\u00e1ria e Aduaneira e, quando necess\u00e1rio, junto de tribunais arbitrais \u2014 desde fases iniciais de cumprimento e procedimentos administrativos at\u00e9 \u00e0 resolu\u00e7\u00e3o formal de lit\u00edgios.<\/p>\n<p>Os nossos servi\u00e7os incluem:[\/vc_column_text][\/vc_column][vc_column width=&#8221;1\/3&#8243;][\/vc_column][\/mk_page_section][mk_page_section speed_factor=&#8221;0&#8243; video_opacity=&#8221;0&#8243; padding_top=&#8221;30&#8243; padding_bottom=&#8221;100&#8243; sidebar=&#8221;sidebar-1&#8243;][vc_column width=&#8221;1\/3&#8243;][mk_custom_list style=&#8221;mk-icon-caret-right&#8221;]\n<ul>\n<li><strong>Resposta a notifica\u00e7\u00f5es e pedidos de informa\u00e7\u00e3o<\/strong> da Autoridade Tribut\u00e1ria.<\/li>\n<\/ul>\n[\/mk_custom_list][mk_custom_list style=&#8221;mk-icon-caret-right&#8221;]\n<ul>\n<li><strong>Submiss\u00e3o de pedidos de informa\u00e7\u00e3o vinculativa.<\/strong><\/li>\n<\/ul>\n[\/mk_custom_list][\/vc_column][vc_column width=&#8221;1\/3&#8243;][mk_custom_list style=&#8221;mk-icon-caret-right&#8221;]\n<ul>\n<li><strong>Regulariza\u00e7\u00e3o volunt\u00e1ria<\/strong> de situa\u00e7\u00f5es fiscais.<\/li>\n<\/ul>\n[\/mk_custom_list][mk_custom_list style=&#8221;mk-icon-caret-right&#8221;]\n<ul>\n<li><strong>Reclama\u00e7\u00f5es e recursos administrativos <\/strong>junto da Autoridade Tribut\u00e1ria<\/li>\n<\/ul>\n[\/mk_custom_list][\/vc_column][vc_column width=&#8221;1\/3&#8243;][mk_custom_list style=&#8221;mk-icon-caret-right&#8221;]\n<ul>\n<li><strong>Representa\u00e7\u00e3o em tribunais arbitrais, <\/strong>designadamente no CAAD.<\/li>\n<\/ul>\n[\/mk_custom_list][\/vc_column][\/mk_page_section][mk_page_section layout_structure=&#8221;half_left&#8221; bg_image=&#8221;https:\/\/jmolegal.com\/wp-content\/uploads\/2026\/04\/rck03731_small_v2.jpg&#8221; bg_image_portrait=&#8221;https:\/\/jmolegal.com\/wp-content\/uploads\/2026\/04\/joana_mobile_vs.jpg&#8221; bg_color=&#8221;#edebe8&#8243; video_opacity=&#8221;0&#8243; full_width=&#8221;true&#8221; full_height=&#8221;true&#8221; padding_top=&#8221;100&#8243; padding_bottom=&#8221;100&#8243; section_id=&#8221;profile&#8221; visibility=&#8221;hidden-sm&#8221;][vc_column][mk_fancy_title tag_name=&#8221;h1&#8243; color=&#8221;#9b9b9b&#8221; size=&#8221;13&#8243; font_weight=&#8221;bolder&#8221; font_style=&#8221;normal&#8221; txt_transform=&#8221;uppercase&#8221; letter_spacing=&#8221;5&#8243; font_family=&#8221;none&#8221;]PERFIL[\/mk_fancy_title][mk_fancy_title tag_name=&#8221;h1&#8243; color=&#8221;#000000&#8243; size=&#8221;64&#8243; font_weight=&#8221;300&#8243; font_style=&#8221;normal&#8221; letter_spacing=&#8221;1&#8243; margin_bottom=&#8221;0&#8243; font_family=&#8221;none&#8221; visibility=&#8221;hidden-sm&#8221; el_class=&#8221;h_type2&#8243;]Joana Monteiro de Oliveira[\/mk_fancy_title][mk_fancy_title tag_name=&#8221;h1&#8243; color=&#8221;#000000&#8243; size=&#8221;30&#8243; font_weight=&#8221;300&#8243; font_style=&#8221;normal&#8221; letter_spacing=&#8221;1&#8243; margin_bottom=&#8221;0&#8243; font_family=&#8221;none&#8221; visibility=&#8221;visible-sm&#8221;]Joana Monteiro de Oliveira[\/mk_fancy_title][vc_column_text css=&#8221;.vc_custom_1777034998562{margin-bottom: 0px !important;}&#8221;]Joana Monteiro de Oliveira \u00e9 uma advogada com mais de uma d\u00e9cada de experi\u00eancia na assessoria a clientes de elevado patrim\u00f3nio (<em>HNWIs<\/em>), <em>family offices,<\/em> banca privada e gestores de ativos, em mat\u00e9rias nacionais e internacionais com liga\u00e7\u00e3o a Portugal. \u00c9 especializada em fiscalidade internacional, planeamento sucess\u00f3rio, estrutura\u00e7\u00e3o patrimonial e mobilidade internacional, com particular enfoque no apoio a clientes privados em processos de mudan\u00e7a de resid\u00eancia para Portugal e na estrutura\u00e7\u00e3o fiscalmente eficiente do seu patrim\u00f3nio e investimentos.<\/p>\n<p>Iniciou a sua carreira numa sociedade de advogados internacional, na \u00e1rea de fiscalidade, tendo posteriormente integrado, durante quase uma d\u00e9cada, uma das maiores e mais prestigiadas sociedades de advogados em Portugal, amplamente reconhecida pela sua pr\u00e1tica de refer\u00eancia em private clients. Este percurso sustenta os elevados padr\u00f5es t\u00e9cnicos que aplica na sua pr\u00e1tica, bem como a abordagem personalizada e orientada para a rela\u00e7\u00e3o com cada cliente.[\/vc_column_text][vc_column_text css=&#8221;.vc_custom_1777035102894{margin-bottom: 0px !important;}&#8221;]Atrav\u00e9s da JMO | Tax &amp; Legal, assume o <strong>compromisso de atuar como uma advogada de confian\u00e7a a longo prazo<\/strong> \u2014 combinando excel\u00eancia t\u00e9cnica com discri\u00e7\u00e3o, disponibilidade e um conhecimento aprofundado das circunst\u00e2ncias de cada cliente.<\/p>\n<p>\u00c9 membro da Ordem dos Advogados desde 2014, da Associa\u00e7\u00e3o Fiscal Portuguesa (AFP) desde 2020 e da International Fiscal Association (<em>IFA<\/em>) desde 2025.<\/p>\n<p><strong>Idiomas:<\/strong> Portugu\u00eas e Ingl\u00eas[\/vc_column_text][\/vc_column][\/mk_page_section][mk_page_section bg_color=&#8221;#edebe8&#8243; speed_factor=&#8221;0&#8243; video_opacity=&#8221;0&#8243; full_width=&#8221;true&#8221; full_height=&#8221;true&#8221; padding_top=&#8221;20&#8243; padding_bottom=&#8221;100&#8243; section_id=&#8221;profile&#8221; visibility=&#8221;visible-sm&#8221; sidebar=&#8221;sidebar-1&#8243;][vc_column][mk_image src=&#8221;https:\/\/jmolegal.com\/wp-content\/uploads\/2026\/04\/rck03731_small_v2.jpg&#8221; image_size=&#8221;full&#8221; align=&#8221;center&#8221; margin_bottom=&#8221;60&#8243;][mk_fancy_title tag_name=&#8221;h1&#8243; color=&#8221;#9b9b9b&#8221; size=&#8221;13&#8243; font_weight=&#8221;bolder&#8221; font_style=&#8221;normal&#8221; txt_transform=&#8221;uppercase&#8221; letter_spacing=&#8221;5&#8243; font_family=&#8221;none&#8221;]PERFIL[\/mk_fancy_title][mk_fancy_title tag_name=&#8221;h1&#8243; color=&#8221;#000000&#8243; size=&#8221;64&#8243; font_weight=&#8221;300&#8243; font_style=&#8221;normal&#8221; letter_spacing=&#8221;1&#8243; margin_bottom=&#8221;0&#8243; font_family=&#8221;none&#8221; visibility=&#8221;hidden-sm&#8221; el_class=&#8221;h_type2&#8243;]Joana Monteiro de Oliveira[\/mk_fancy_title][mk_fancy_title tag_name=&#8221;h1&#8243; color=&#8221;#000000&#8243; size=&#8221;30&#8243; font_weight=&#8221;300&#8243; font_style=&#8221;normal&#8221; letter_spacing=&#8221;1&#8243; margin_bottom=&#8221;0&#8243; font_family=&#8221;none&#8221; visibility=&#8221;visible-sm&#8221;]Joana Monteiro de Oliveira[\/mk_fancy_title][vc_column_text css=&#8221;.vc_custom_1777034998562{margin-bottom: 0px !important;}&#8221;]Joana Monteiro de Oliveira \u00e9 uma advogada com mais de uma d\u00e9cada de experi\u00eancia na assessoria a clientes de elevado patrim\u00f3nio (<em>HNWIs<\/em>), <em>family offices,<\/em> banca privada e gestores de ativos, em mat\u00e9rias nacionais e internacionais com liga\u00e7\u00e3o a Portugal. \u00c9 especializada em fiscalidade internacional, planeamento sucess\u00f3rio, estrutura\u00e7\u00e3o patrimonial e mobilidade internacional, com particular enfoque no apoio a clientes privados em processos de mudan\u00e7a de resid\u00eancia para Portugal e na estrutura\u00e7\u00e3o fiscalmente eficiente do seu patrim\u00f3nio e investimentos.<\/p>\n<p>Iniciou a sua carreira numa sociedade de advogados internacional, na \u00e1rea de fiscalidade, tendo posteriormente integrado, durante quase uma d\u00e9cada, uma das maiores e mais prestigiadas sociedades de advogados em Portugal, amplamente reconhecida pela sua pr\u00e1tica de refer\u00eancia em private clients. Este percurso sustenta os elevados padr\u00f5es t\u00e9cnicos que aplica na sua pr\u00e1tica, bem como a abordagem personalizada e orientada para a rela\u00e7\u00e3o com cada cliente.[\/vc_column_text][vc_column_text css=&#8221;.vc_custom_1777035102894{margin-bottom: 0px !important;}&#8221;]Atrav\u00e9s da JMO | Tax &amp; Legal, assume o <strong>compromisso de atuar como uma advogada de confian\u00e7a a longo prazo<\/strong> \u2014 combinando excel\u00eancia t\u00e9cnica com discri\u00e7\u00e3o, disponibilidade e um conhecimento aprofundado das circunst\u00e2ncias de cada cliente.<\/p>\n<p>\u00c9 membro da Ordem dos Advogados desde 2014, da Associa\u00e7\u00e3o Fiscal Portuguesa (AFP) desde 2020 e da International Fiscal Association (<em>IFA<\/em>) desde 2025.<\/p>\n<p><strong>Idiomas:<\/strong> Portugu\u00eas e Ingl\u00eas[\/vc_column_text][\/vc_column][\/mk_page_section][mk_page_section speed_factor=&#8221;0&#8243; video_opacity=&#8221;0&#8243; padding_top=&#8221;100&#8243; padding_bottom=&#8221;100&#8243; section_id=&#8221;contact&#8221; sidebar=&#8221;sidebar-1&#8243;][vc_column width=&#8221;1\/2&#8243;][mk_fancy_title tag_name=&#8221;h1&#8243; color=&#8221;#9b9b9b&#8221; size=&#8221;13&#8243; font_weight=&#8221;bolder&#8221; font_style=&#8221;normal&#8221; txt_transform=&#8221;uppercase&#8221; letter_spacing=&#8221;5&#8243; font_family=&#8221;none&#8221;]Contacto[\/mk_fancy_title][mk_fancy_title tag_name=&#8221;h1&#8243; color=&#8221;#000000&#8243; size=&#8221;64&#8243; font_weight=&#8221;300&#8243; font_style=&#8221;normal&#8221; letter_spacing=&#8221;1&#8243; font_family=&#8221;none&#8221; visibility=&#8221;hidden-sm&#8221; el_class=&#8221;h_type2&#8243;]Entre em contacto connosco.[\/mk_fancy_title][mk_fancy_title tag_name=&#8221;h1&#8243; color=&#8221;#000000&#8243; size=&#8221;30&#8243; font_weight=&#8221;300&#8243; font_style=&#8221;normal&#8221; letter_spacing=&#8221;1&#8243; font_family=&#8221;none&#8221; visibility=&#8221;visible-sm&#8221;]Entre em contacto connosco.[\/mk_fancy_title][mk_contact_info phone=&#8221;+351 962 537 868&#8243; email=&#8221;info@jmolegal.com&#8221; address=&#8221;Av. da Liberdade, 245 &#8211; 4\u00ba A<br \/>\n1250-143 Lisboa&#8221;][\/vc_column][vc_column width=&#8221;1\/2&#8243;][mk_padding_divider size=&#8221;10&#8243;]\n<div class=\"wpcf7 no-js\" id=\"wpcf7-f5923-o1\" lang=\"pt-PT\" dir=\"ltr\" data-wpcf7-id=\"5923\">\n<div class=\"screen-reader-response\"><p role=\"status\" aria-live=\"polite\" aria-atomic=\"true\"><\/p> <ul><\/ul><\/div>\n<form action=\"\/pt-pt\/wp-json\/wp\/v2\/pages\/5954#wpcf7-f5923-o1\" method=\"post\" class=\"wpcf7-form init\" aria-label=\"Formul\u00e1rio de contacto\" novalidate=\"novalidate\" data-status=\"init\">\n<fieldset class=\"hidden-fields-container\"><input type=\"hidden\" name=\"_wpcf7\" value=\"5923\" \/><input type=\"hidden\" name=\"_wpcf7_version\" value=\"6.1.5\" \/><input type=\"hidden\" name=\"_wpcf7_locale\" value=\"pt_PT\" \/><input type=\"hidden\" name=\"_wpcf7_unit_tag\" value=\"wpcf7-f5923-o1\" \/><input type=\"hidden\" name=\"_wpcf7_container_post\" value=\"0\" \/><input type=\"hidden\" name=\"_wpcf7_posted_data_hash\" value=\"\" \/>\n<\/fieldset>\n<div class=\"wpb_row vc_row mk-fullwidth-false attched-false js-master-row mk-in-viewport\">\n\t<div class=\"vc_col-sm-6 wpb_column column_container\">\n\t\t<p><label><span class=\"wpcf7-form-control-wrap\" data-name=\"your-name\"><input size=\"40\" maxlength=\"400\" class=\"wpcf7-form-control wpcf7-text wpcf7-validates-as-required\" aria-required=\"true\" aria-invalid=\"false\" placeholder=\"Nome*\" value=\"\" type=\"text\" name=\"your-name\" \/><\/span><\/label>\n\t\t<\/p>\n\t<\/div>\n\t<div class=\"vc_col-sm-6 wpb_column column_container\">\n\t\t<p><label><span class=\"wpcf7-form-control-wrap\" data-name=\"your-email\"><input size=\"40\" maxlength=\"400\" class=\"wpcf7-form-control wpcf7-email wpcf7-validates-as-required wpcf7-text wpcf7-validates-as-email\" aria-required=\"true\" aria-invalid=\"false\" placeholder=\"Email*\" value=\"\" type=\"email\" name=\"your-email\" \/><\/span> <\/label>\n\t\t<\/p>\n\t<\/div>\n<\/div>\n<div class=\"wpb_row vc_row mk-fullwidth-false attched-false js-master-row mk-in-viewport\">\n\t<div class=\"vc_col-sm-12 wpb_column column_container\">\n\t\t<p><label><span class=\"wpcf7-form-control-wrap\" data-name=\"meeting\"><span class=\"wpcf7-form-control wpcf7-checkbox\"><span class=\"wpcf7-list-item first last\"><input type=\"checkbox\" name=\"meeting[]\" value=\"Gostaria de agendar uma reuni\u00e3o.\" \/><span class=\"wpcf7-list-item-label\">Gostaria de agendar uma reuni\u00e3o.<\/span><\/span><\/span><\/span><\/label>\n\t\t<\/p>\n\t<\/div>\n<\/div>\n<div class=\"wpb_row vc_row mk-fullwidth-false attched-false js-master-row mk-in-viewport\">\n\t<div class=\"vc_col-sm-12 wpb_column column_container\">\n\t\t<p><label><span class=\"wpcf7-form-control-wrap\" data-name=\"your-message\"><textarea cols=\"40\" rows=\"10\" maxlength=\"2000\" class=\"wpcf7-form-control wpcf7-textarea\" aria-invalid=\"false\" placeholder=\"Observa\u00e7\u00f5es\" name=\"your-message\"><\/textarea><\/span> <\/label>\n\t\t<\/p>\n\t\t<p><span class=\"wpcf7-form-control-wrap\" data-name=\"your-consent\"><span class=\"wpcf7-form-control wpcf7-acceptance\"><span class=\"wpcf7-list-item\"><label><input type=\"checkbox\" name=\"your-consent\" value=\"1\" class=\"acceptance-field\" aria-invalid=\"false\" \/><span class=\"wpcf7-list-item-label\">Li e aceito os <a target=\"_blank\" href=\"https:\/\/jmolegal.com\/privacy-policy\/\">terms and conditions and privacy policy.<\/a><\/span><\/label><\/span><\/span><\/span>\n\t\t<\/p>\n\t\t<p><input class=\"wpcf7-form-control wpcf7-submit has-spinner\" type=\"submit\" value=\"Enviar\" \/>\n\t\t<\/p>\n\t<\/div>\n<\/div><div class=\"wpcf7-response-output\" aria-hidden=\"true\"><\/div>\n<\/form>\n<\/div>\n[\/vc_column][\/mk_page_section]\n<\/div>","protected":false},"excerpt":{"rendered":"<p>[mk_page_section bg_image=&#8221;https:\/\/jmolegal.com\/wp-content\/uploads\/2026\/04\/paul-kim-0zpl7q2xips-unsplash-scaled.jpg&#8221; bg_image_portrait=&#8221;https:\/\/jmolegal.com\/wp-content\/uploads\/2026\/04\/paul-kim-0zpl7q2xips-unsplash-scaled.jpg&#8221; bg_color=&#8221;#0a0a0a&#8221; bg_position=&#8221;center center&#8221; bg_repeat=&#8221;no-repeat&#8221; bg_stretch=&#8221;true&#8221; enable_3d=&#8221;true&#8221; speed_factor=&#8221;0&#8243; video_color_mask=&#8221;rgba(10,10,10,0.2)&#8221; video_opacity=&#8221;1&#8243; padding_top=&#8221;200&#8243; padding_bottom=&#8221;100&#8243; sidebar=&#8221;sidebar-1&#8243; first_page=&#8221;false&#8221; last_page=&#8221;false&#8221;][vc_column][mk_fancy_title tag_name=&#8221;h1&#8243; color=&#8221;#ffffff&#8221; size=&#8221;64&#8243; force_font_size=&#8221;true&#8221; size_smallscreen=&#8221;64&#8243; size_tablet=&#8221;40&#8243; size_phone=&#8221;40&#8243; line_height=&#8221;90&#8243; font_weight=&#8221;100&#8243; font_style=&#8221;normal&#8221; txt_transform=&#8221;uppercase&#8221; letter_spacing=&#8221;1&#8243; margin_bottom=&#8221;0&#8243; font_family=&#8221;none&#8221; visibility=&#8221;hidden-sm&#8221; el_class=&#8221;h_type&#8221;]Assessoria Fiscal e Jur\u00eddica[\/mk_fancy_title][mk_fancy_title tag_name=&#8221;h1&#8243; color=&#8221;#ffffff&#8221; size=&#8221;40&#8243; line_height=&#8221;90&#8243; font_weight=&#8221;100&#8243; font_style=&#8221;normal&#8221; txt_transform=&#8221;uppercase&#8221; letter_spacing=&#8221;1&#8243; margin_top=&#8221;0&#8243; margin_bottom=&#8221;0&#8243; font_family=&#8221;none&#8221; visibility=&#8221;visible-sm&#8221; el_class=&#8221;h_type4&#8243;]Assessoria Fiscal e Jur\u00eddica[\/mk_fancy_title][mk_fancy_title tag_name=&#8221;h1&#8243; color=&#8221;#ffffff&#8221; size=&#8221;64&#8243; [&hellip;]<\/p>\n","protected":false},"author":1,"featured_media":0,"parent":0,"menu_order":0,"comment_status":"closed","ping_status":"closed","template":"","meta":{"footnotes":""},"class_list":["post-5954","page","type-page","status-publish","hentry"],"_links":{"self":[{"href":"https:\/\/jmolegal.com\/pt-pt\/wp-json\/wp\/v2\/pages\/5954","targetHints":{"allow":["GET"]}}],"collection":[{"href":"https:\/\/jmolegal.com\/pt-pt\/wp-json\/wp\/v2\/pages"}],"about":[{"href":"https:\/\/jmolegal.com\/pt-pt\/wp-json\/wp\/v2\/types\/page"}],"author":[{"embeddable":true,"href":"https:\/\/jmolegal.com\/pt-pt\/wp-json\/wp\/v2\/users\/1"}],"replies":[{"embeddable":true,"href":"https:\/\/jmolegal.com\/pt-pt\/wp-json\/wp\/v2\/comments?post=5954"}],"version-history":[{"count":38,"href":"https:\/\/jmolegal.com\/pt-pt\/wp-json\/wp\/v2\/pages\/5954\/revisions"}],"predecessor-version":[{"id":6036,"href":"https:\/\/jmolegal.com\/pt-pt\/wp-json\/wp\/v2\/pages\/5954\/revisions\/6036"}],"wp:attachment":[{"href":"https:\/\/jmolegal.com\/pt-pt\/wp-json\/wp\/v2\/media?parent=5954"}],"curies":[{"name":"wp","href":"https:\/\/api.w.org\/{rel}","templated":true}]}}